{"id":21,"date":"2018-03-22T20:04:41","date_gmt":"2018-03-22T20:04:41","guid":{"rendered":"https:\/\/essengegenabschiebungen.de\/?page_id=21"},"modified":"2018-03-22T20:04:41","modified_gmt":"2018-03-22T20:04:41","slug":"ueber-uns","status":"publish","type":"page","link":"https:\/\/essengegenabschiebungen.de\/index.php\/ueber-uns\/","title":{"rendered":"\u00dcber uns"},"content":{"rendered":"<p>Wir sind ein B\u00fcndnis, das sich gegen die Er\u00f6ffnung der Zentralen Ausl\u00e4nderbeh\u00f6rde in Essen gegr\u00fcndet hat. Mitglieder sind verschiedene Einzelpersonen aus Essen, Parteien, Initiativen und Organisationen. Unser Ziel ist es Protest gegen die Zentrale Ausl\u00e4nderbeh\u00f6rde auf die Stra\u00dfe zu bringen und unseren Unmut \u00fcber die unmenschliche Abschiebepraxis zu artikulieren. Jede und jeder ist herzlich eingeladen, uns dabei zu unterst\u00fctzen.<\/p>\n","protected":false},"excerpt":{"rendered":"<p>Wir sind ein B\u00fcndnis, das sich gegen die Er\u00f6ffnung der Zentralen Ausl\u00e4nderbeh\u00f6rde in Essen gegr\u00fcndet hat. Mitglieder sind verschiedene Einzelpersonen aus Essen, Parteien, Initiativen und Organisationen. Unser Ziel ist es Protest gegen die Zentrale Ausl\u00e4nderbeh\u00f6rde auf die Stra\u00dfe zu bringen und unseren Unmut \u00fcber die unmenschliche Abschiebepraxis zu artikulieren. Jede und jeder ist herzlich eingeladen,\u2026<\/p>\n","protected":false},"author":3,"featured_media":0,"parent":0,"menu_order":0,"comment_status":"closed","ping_status":"closed","template":"","meta":[],"_links":{"self":[{"href":"https:\/\/essengegenabschiebungen.de\/index.php\/wp-json\/wp\/v2\/pages\/21"}],"collection":[{"href":"https:\/\/essengegenabschiebungen.de\/index.php\/wp-json\/wp\/v2\/pages"}],"about":[{"href":"https:\/\/essengegenabschiebungen.de\/index.php\/wp-json\/wp\/v2\/types\/page"}],"author":[{"embeddable":true,"href":"https:\/\/essengegenabschiebungen.de\/index.php\/wp-json\/wp\/v2\/users\/3"}],"replies":[{"embeddable":true,"href":"https:\/\/essengegenabschiebungen.de\/index.php\/wp-json\/wp\/v2\/comments?post=21"}],"version-history":[{"count":1,"href":"https:\/\/essengegenabschiebungen.de\/index.php\/wp-json\/wp\/v2\/pages\/21\/revisions"}],"predecessor-version":[{"id":22,"href":"https:\/\/essengegenabschiebungen.de\/index.php\/wp-json\/wp\/v2\/pages\/21\/revisions\/22"}],"wp:attachment":[{"href":"https:\/\/essengegenabschiebungen.de\/index.php\/wp-json\/wp\/v2\/media?parent=21"}],"curies":[{"name":"wp","href":"https:\/\/api.w.org\/{rel}","templated":true}]}}